{"id":133,"date":"2017-10-10T16:52:10","date_gmt":"2017-10-10T14:52:10","guid":{"rendered":"http:\/\/autoi21.webd.pro\/aiwww\/?page_id=133\/"},"modified":"2022-01-18T01:48:00","modified_gmt":"2022-01-18T00:48:00","slug":"transport-i-spedycja-2","status":"publish","type":"page","link":"http:\/\/autoi21.webd.pro\/aiwww\/transport-i-spedycja-2\/","title":{"rendered":"Transport i Spedycja"},"content":{"rendered":"<p>[vc_row full_width=&#8221;stretch_row&#8221; equal_height=&#8221;yes&#8221; content_placement=&#8221;middle&#8221; css=&#8221;.vc_custom_1507643035064{background-color: #ffffff !important;}&#8221;][vc_column width=&#8221;5\/6&#8243;][vc_column_text css=&#8221;.vc_custom_1509995689942{margin-bottom: 0px !important;}&#8221;]Masz pytania?\u00a0\u00a0<img loading=\"lazy\" class=\"alignnone size-full wp-image-113\" src=\"http:\/\/autoi21.webd.pro\/aiwww\/wp-content\/uploads\/2017\/10\/tel.png\" alt=\"\" width=\"10\" height=\"10\" \/> <a style=\"font-weight: bold; color: #ce5a5a;\" href=\"tel:123456789\">+48 784 944 064<\/a>\u00a0 <img loading=\"lazy\" class=\"alignnone size-full wp-image-112\" src=\"http:\/\/autoi21.webd.pro\/aiwww\/wp-content\/uploads\/2017\/10\/mail.png\" alt=\"\" width=\"13\" height=\"8\" \/> <a style=\"font-weight: bold; color: #ce5a5a;\" href=\"mailto:kontakt@autoinwest.pl\">office@autoinwest.eu<\/a>[\/vc_column_text][\/vc_column][vc_column width=&#8221;1\/6&#8243; css=&#8221;.vc_custom_1507643078729{margin-bottom: 0px !important;}&#8221;][vc_widget_sidebar sidebar_id=&#8221;blog&#8221;][\/vc_column][\/vc_row][vc_row full_width=&#8221;stretch_row&#8221; css=&#8221;.vc_custom_1507644046728{border-top-width: 1px !important;background-color: #f7f8f8 !important;border-top-color: #ededf0 !important;border-top-style: solid !important;}&#8221;][vc_column][tt_custom_header][\/vc_column][\/vc_row][vc_row css=&#8221;.vc_custom_1507626744538{border-bottom-width: 9px !important;background-color: #222222 !important;border-bottom-color: #ff0000 !important;border-bottom-style: solid !important;}&#8221;][vc_column]\n<div id=\"rev_slider_1_1_wrapper\" class=\"rev_slider_wrapper fullwidthbanner-container\" data-source=\"gallery\" style=\"margin:0px auto;background:transparent;padding:0px;margin-top:0px;margin-bottom:0px;\">\n<!-- START REVOLUTION SLIDER 5.4.3 auto mode -->\n\t<div id=\"rev_slider_1_1\" class=\"rev_slider fullwidthabanner\" style=\"display:none;\" data-version=\"5.4.3\">\n<ul>\t<!-- SLIDE  -->\n\t<li data-index=\"rs-1\" data-transition=\"fade\" data-slotamount=\"default\" data-hideafterloop=\"0\" data-hideslideonmobile=\"off\"  data-easein=\"default\" data-easeout=\"default\" data-masterspeed=\"300\"  data-rotate=\"0\"  data-saveperformance=\"off\"  data-title=\"Slide\" data-param1=\"\" data-param2=\"\" data-param3=\"\" data-param4=\"\" data-param5=\"\" data-param6=\"\" data-param7=\"\" data-param8=\"\" data-param9=\"\" data-param10=\"\" data-description=\"\">\n\t\t<!-- MAIN IMAGE -->\n\t\t<img src=\"http:\/\/autoi21.webd.pro\/aiwww\/wp-content\/uploads\/2017\/10\/21769408_1366145983498397_361006520_o.jpg\"  alt=\"\" title=\"21769408_1366145983498397_361006520_o\"  data-bgposition=\"50% 90%\" data-bgfit=\"cover\" data-bgrepeat=\"no-repeat\" data-bgparallax=\"15\" class=\"rev-slidebg\" data-no-retina>\n\t\t<!-- LAYERS -->\n\t<\/li>\n<\/ul>\n<div class=\"tp-bannertimer tp-bottom\" style=\"visibility: hidden !important;\"><\/div>\t<\/div>\n<script>var htmlDiv = document.getElementById(\"rs-plugin-settings-inline-css\"); var htmlDivCss=\"\";\r\n\t\t\t\tif(htmlDiv) {\r\n\t\t\t\t\thtmlDiv.innerHTML = htmlDiv.innerHTML + htmlDivCss;\r\n\t\t\t\t}else{\r\n\t\t\t\t\tvar htmlDiv = document.createElement(\"div\");\r\n\t\t\t\t\thtmlDiv.innerHTML = \"<style>\" + htmlDivCss + \"<\/style>\";\r\n\t\t\t\t\tdocument.getElementsByTagName(\"head\")[0].appendChild(htmlDiv.childNodes[0]);\r\n\t\t\t\t}\r\n\t\t\t<\/script>\n\t\t<script type=\"text\/javascript\">\r\nsetREVStartSize({c: jQuery('#rev_slider_1_1'), gridwidth: [1170], gridheight: [500], sliderLayout: 'auto'});\r\n\t\t\t\r\nvar revapi1,\r\n\ttpj=jQuery;\r\n\t\t\t\r\ntpj(document).ready(function() {\n\tif(tpj(\"#rev_slider_1_1\").revolution == undefined){\n\t\trevslider_showDoubleJqueryError(\"#rev_slider_1_1\");\n\t}else{\n\t\trevapi1 = tpj(\"#rev_slider_1_1\").show().revolution({\n\t\t\tsliderType:\"standard\",\n\t\t\tjsFileLocation:\"\/\/autoi21.webd.pro\/aiwww\/wp-content\/plugins\/revslider\/public\/assets\/js\/\",\n\t\t\tsliderLayout:\"auto\",\n\t\t\tdottedOverlay:\"none\",\n\t\t\tdelay:9000,\n\t\t\tnavigation: {\n\t\t\t\tonHoverStop:\"off\",\n\t\t\t},\n\t\t\tvisibilityLevels:[1240,1024,778,480],\n\t\t\tgridwidth:1170,\n\t\t\tgridheight:500,\n\t\t\tlazyType:\"none\",\n\t\t\tparallax: {\n\t\t\t\ttype:\"mouse\",\n\t\t\t\torigo:\"enterpoint\",\n\t\t\t\tspeed:400,\n\t\t\t\tlevels:[5,10,15,20,25,30,35,40,45,46,47,48,49,50,51,55],\n\t\t\t},\n\t\t\tshadow:0,\n\t\t\tspinner:\"spinner0\",\n\t\t\tstopLoop:\"off\",\n\t\t\tstopAfterLoops:-1,\n\t\t\tstopAtSlide:-1,\n\t\t\tshuffle:\"off\",\n\t\t\tautoHeight:\"off\",\n\t\t\tdisableProgressBar:\"on\",\n\t\t\thideThumbsOnMobile:\"off\",\n\t\t\thideSliderAtLimit:0,\n\t\t\thideCaptionAtLimit:0,\n\t\t\thideAllCaptionAtLilmit:0,\n\t\t\tdebugMode:false,\n\t\t\tfallbacks: {\n\t\t\t\tsimplifyAll:\"off\",\n\t\t\t\tnextSlideOnWindowFocus:\"off\",\n\t\t\t\tdisableFocusListener:false,\n\t\t\t}\n\t\t});\n\t}\n\t\n});\t\/*ready*\/\n<\/script>\r\n\t\t<\/div><!-- END REVOLUTION SLIDER -->[vc_column_text css=&#8221;.vc_custom_1521708528490{margin-bottom: 0px !important;padding-top: 10px !important;}&#8221;]<\/p>\n<h1 class=\"text-white\" style=\"text-align: center; font-weight: 300;\">Transport i spedycja z Gda\u0144ska<\/h1>\n<p>[\/vc_column_text][\/vc_column][\/vc_row][vc_row full_width=&#8221;stretch_row&#8221; css=&#8221;.vc_custom_1507646918805{padding-top: 35px !important;}&#8221;][vc_column][vc_column_text]<\/p>\n<p class=\"text-white\" style=\"text-align: center;\">Autoinwest jest firm\u0105 , kt\u00f3ra powsta\u0142a na bazie wieloletniego do\u015bwiadczenia<br \/>\nw realizowaniu kompleksowych us\u0142ug w zakresie transportu, spedycjii logistyki. Nasz zesp\u00f3\u0142 to ludzie<br \/>\nz entuzjazmem , wiedz\u0105i kompetencjami. Dla nas niemo\u017cliwe staje si\u0119 mo\u017cliwe a zadowolenie klienta stanowi dla nas podstaw\u0119 naszego dzia\u0142ania.<\/p>\n<p>[\/vc_column_text][\/vc_column][\/vc_row][vc_row][vc_column][vc_empty_space][\/vc_column][\/vc_row][vc_row full_width=&#8221;stretch_row&#8221;][vc_column width=&#8221;5\/12&#8243;][vc_single_image image=&#8221;264&#8243; img_size=&#8221;full&#8221; alignment=&#8221;center&#8221; onclick=&#8221;link_image&#8221;][\/vc_column][vc_column width=&#8221;7\/12&#8243;][vc_column_text]<\/p>\n<h2 class=\"text-white\" style=\"text-align: justify; font-weight: bold;\">Transport mi\u0119dzynarodowy<\/h2>\n<p class=\"text-white\" style=\"text-align: justify;\">Profesjonalna realizacja przyj\u0119tych zlece\u0144 <u><a href=\"http:\/\/autoi21.webd.pro\/aiwww\/transport-miedzynarodowy\/\">transportu mi\u0119dzynarodowego<\/a><\/u> mo\u017cliwa jest dzi\u0119ki sta\u0142ej dost\u0119pno\u015bci taboru, szybkiej reakcji na zapytanie oraz wysokiej elastyczno\u015bci firmy.<\/p>\n<h2 class=\"text-white\" style=\"text-align: justify; font-weight: bold;\">Transport krajowy<\/h2>\n<p class=\"text-white\" style=\"text-align: justify;\">Ekspresowy i ca\u0142o-pojazdowy. Oferujemy nowoczesny i doskona\u0142ej jako\u015bci tabor dostosowany do przewozu r\u00f3\u017cnorodnych produkt\u00f3w a tak\u017ce punktualne podj\u0119cia i dostawy \u0142adunku. Bezpiecze\u0144stwo wykonywanego zlecenia w zakresie transportu zapewniaj\u0105 najlepsi, do\u015bwiadczeni kierowcy. <u><a href=\"http:\/\/autoi21.webd.pro\/aiwww\/spedycja-krajowa\/\">Transport krajowy<\/a><\/u> obejmuje swym zasi\u0119giem teren ca\u0142ej Polski.<\/p>\n<p>[\/vc_column_text][\/vc_column][\/vc_row][vc_row full_width=&#8221;stretch_row&#8221;][vc_column][vc_column_text]<\/p>\n<h2 class=\"text-white\" style=\"text-align: justify; font-weight: bold;\">Transport \u0142adunk\u00f3w niebezpiecznych<\/h2>\n<p class=\"text-white\" style=\"text-align: justify;\">Specjalnie wyposa\u017cone samochody spe\u0142niaj\u0105ce wszelkie normy bezpiecze\u0144stwa umo\u017cliwiaj\u0105 od wielu lat Naszej firmie \u015bwiadczenie us\u0142ug przewozu \u0142adunk\u00f3w niebezpiecznych, zgodnie z konwencj\u0105 ADR. Gwarancj\u0119 wysokiej jako\u015bci us\u0142ug Klienci uzyskuj\u0105 tak\u017ce dzi\u0119ki odpowiednio przeszkolonym kierowcom, kt\u00f3rzy znaj\u0105 i stosuj\u0105 si\u0119 do obowi\u0105zuj\u0105cego planu dzia\u0142a\u0144 zapobiegawczych i zaradczych.<\/p>\n<h2 class=\"text-white\" style=\"text-align: justify; font-weight: bold;\">Spedycja<\/h2>\n<p class=\"text-white\" style=\"text-align: justify;\">Wykwalifikowany zesp\u00f3\u0142 pracownik\u00f3w, kt\u00f3ry gotowy jest \u015bwiadczy\u0107 us\u0142ugi o najwy\u017cszym standardzie. Kompetentny personel w ramach \u015bwiadczonych us\u0142ug zajmie si\u0119 doborem najbardziej efektywnych rozwi\u0105za\u0144 logistycznych i dogodnej opcji przetransportowania towaru, aby Pa\u0144stwa produkt bezpiecznie trafi\u0142 do celu. Pomo\u017ce w przygotowaniu niezb\u0119dnych dokument\u00f3w, zajmie si\u0119 wszelkimi formalno\u015bciami, zaplanuje najbardziej optymaln\u0105 tras\u0119 a tak\u017ce wybierze odpowiedni \u015brodek transportu. <u><a href=\"http:\/\/autoi21.webd.pro\/aiwww\/spedycja\/\">Do\u015bwiadczeni spedytorzy doradz\u0105 Ci w trudnych kwestiach bran\u017cy spedycyjnej i transportowej<\/a><\/u>.<\/p>\n<h2 class=\"text-white\" style=\"text-align: justify; font-weight: bold;\">GPS<\/h2>\n<p class=\"text-white\" style=\"text-align: justify;\">Wszystkie samochody wyposa\u017cone s\u0105 standardowo w system nawigacji satelitarnej GPS, daj\u0105c Klientom mo\u017cliwo\u015b\u0107 kontroli oraz \u015bledzenia wykonywanego zlecenia. Tym samym podnosi znacznie bezpiecze\u0144stwo \u015bwiadczonych us\u0142ug.<\/p>\n<p>[\/vc_column_text][\/vc_column][\/vc_row][vc_row][vc_column][vc_empty_space][\/vc_column][\/vc_row][vc_row full_width=&#8221;stretch_row&#8221;][vc_column][vc_column_text]<\/p>\n<h2 class=\"text-white\">Nasze Cele<\/h2>\n<p>&#8211; podnoszenie kwalifikacji pracownik\u00f3w,<\/p>\n<p>&#8211; stosowanie indywidualnego podej\u015bcie w stosunku do ka\u017cdego partnera,<\/p>\n<p>&#8211; terminowe i rzetelne realizowanie us\u0142ug,<\/p>\n<p>&#8211; ci\u0105g\u0142y rozw\u00f3j, badanie oczekiwa\u0144 kontrahent\u00f3w, dostosowywanie swojej oferty do potrzeby zleceniodawcy,<\/p>\n<p>&#8211; skuteczny nadz\u00f3r i eliminacja zagro\u017cenia maj\u0105cego wp\u0142yw na poziom bezpiecze\u0144stwa,<\/p>\n<p>&#8211; popularyzacja, w\u015br\u00f3d pracownik\u00f3w wiedzy na temat proekologicznych zachowa\u0144, podnoszenie ich<br \/>\n\u015bwiadomo\u015bci i kszta\u0142towanie postaw.[\/vc_column_text][\/vc_column][\/vc_row][vc_row full_width=&#8221;stretch_row&#8221;][vc_column width=&#8221;1\/4&#8243;][vc_single_image image=&#8221;261&#8243; img_size=&#8221;full&#8221; alignment=&#8221;center&#8221; onclick=&#8221;link_image&#8221;][\/vc_column][vc_column width=&#8221;1\/4&#8243;][vc_single_image image=&#8221;263&#8243; img_size=&#8221;full&#8221; alignment=&#8221;center&#8221; onclick=&#8221;link_image&#8221;][\/vc_column][vc_column width=&#8221;1\/4&#8243;][vc_single_image image=&#8221;300&#8243; img_size=&#8221;full&#8221; alignment=&#8221;center&#8221; onclick=&#8221;link_image&#8221;][\/vc_column][vc_column width=&#8221;1\/4&#8243;][vc_single_image image=&#8221;265&#8243; img_size=&#8221;full&#8221; alignment=&#8221;center&#8221; onclick=&#8221;link_image&#8221;][\/vc_column][\/vc_row][vc_row][vc_column][vc_empty_space][\/vc_column][\/vc_row][vc_row full_width=&#8221;stretch_row_content&#8221; equal_height=&#8221;yes&#8221; content_placement=&#8221;middle&#8221; css=&#8221;.vc_custom_1507646874591{padding-top: 30px !important;padding-bottom: 30px !important;background-image: url(http:\/\/autoi21.webd.pro\/aiwww\/wp-content\/uploads\/2017\/10\/foot.png?id=80) !important;background-position: 0 0 !important;background-repeat: repeat !important;}&#8221;][vc_column width=&#8221;1\/3&#8243; css=&#8221;.vc_custom_1507638971246{padding-top: 30px !important;background-color: #252525 !important;}&#8221;][vc_column_text css=&#8221;.vc_custom_1507640086401{margin-bottom: 30px !important;}&#8221;]<span class=\"text-white\" style=\"font-size: 14px; font-weight: bold;\">ul. Witra\u017cowa 12,<br \/>\n80-299 Nowy \u015awiat,<\/span><\/p>\n<p><span class=\"text-white\" style=\"font-size: 14px; font-weight: 300;\">+48 784 944 064<br \/>\noffice@autoinwest.eu<\/span>[\/vc_column_text][\/vc_column][vc_column width=&#8221;1\/3&#8243; css=&#8221;.vc_custom_1507638965558{padding-top: 30px !important;background-color: #252525 !important;}&#8221;][vc_single_image image=&#8221;81&#8243; img_size=&#8221;full&#8221; alignment=&#8221;center&#8221; css=&#8221;.vc_custom_1521708737312{margin-bottom: 30px !important;}&#8221;][\/vc_column][vc_column width=&#8221;1\/3&#8243; css=&#8221;.vc_custom_1507638959501{padding-top: 30px !important;background-color: #252525 !important;}&#8221;][vc_column_text css=&#8221;.vc_custom_1521708794031{margin-bottom: 30px !important;}&#8221;]<\/p>\n<div class=\"text-white\" style=\"position: absolute; bottom: 0; right: 15px;\"><a href=\"http:\/\/autoi21.webd.pro\/aiwww\/\">Strona g\u0142\u00f3wna<\/a> | <a href=\"http:\/\/autoi21.webd.pro\/aiwww\/transport-i-spedycja\">Transport i Spedycja<\/a> | <a href=\"http:\/\/autoi21.webd.pro\/aiwww\/wspolpraca\">Wsp\u00f3\u0142praca<\/a> | <a href=\"http:\/\/autoi21.webd.pro\/aiwww\/kontakt\">Kontakt<\/a><\/div>\n<p>[\/vc_column_text][\/vc_column][\/vc_row]<\/p>\n","protected":false},"excerpt":{"rendered":"<p>[vc_row full_width=&#8221;stretch_row&#8221; equal_height=&#8221;yes&#8221; content_placement=&#8221;middle&#8221; css=&#8221;.vc_custom_1507643035064{background-color: #ffffff !important;}&#8221;][vc_column width=&#8221;5\/6&#8243;][vc_column_text css=&#8221;.vc_custom_1509995689942{margin-bottom: 0px !important;}&#8221;]Masz pytania?\u00a0\u00a0 +48 784 944 064\u00a0 office@autoinwest.eu[\/vc_column_text][\/vc_column][vc_column width=&#8221;1\/6&#8243; css=&#8221;.vc_custom_1507643078729{margin-bottom: 0px !important;}&#8221;][vc_widget_sidebar sidebar_id=&#8221;blog&#8221;][\/vc_column][\/vc_row][vc_row full_width=&#8221;stretch_row&#8221; css=&#8221;.vc_custom_1507644046728{border-top-width: 1px !important;background-color: #f7f8f8 !important;border-top-color: #ededf0 !important;border-top-style: solid !important;}&#8221;][vc_column][tt_custom_header][\/vc_column][\/vc_row][vc_row css=&#8221;.vc_custom_1507626744538{border-bottom-width: 9px !important;background-color: #222222 !important;border-bottom-color: #ff0000 !important;border-bottom-style: solid !important;}&#8221;][vc_column][vc_column_text css=&#8221;.vc_custom_1521708528490{margin-bottom: 0px !important;padding-top: 10px !important;}&#8221;] Transport i spedycja z Gda\u0144ska [\/vc_column_text][\/vc_column][\/vc_row][vc_row full_width=&#8221;stretch_row&#8221; css=&#8221;.vc_custom_1507646918805{padding-top: 35px [&hellip;]<\/p>\n","protected":false},"author":1,"featured_media":0,"parent":0,"menu_order":0,"comment_status":"closed","ping_status":"closed","template":"","meta":[],"_links":{"self":[{"href":"http:\/\/autoi21.webd.pro\/aiwww\/wp-json\/wp\/v2\/pages\/133"}],"collection":[{"href":"http:\/\/autoi21.webd.pro\/aiwww\/wp-json\/wp\/v2\/pages"}],"about":[{"href":"http:\/\/autoi21.webd.pro\/aiwww\/wp-json\/wp\/v2\/types\/page"}],"author":[{"embeddable":true,"href":"http:\/\/autoi21.webd.pro\/aiwww\/wp-json\/wp\/v2\/users\/1"}],"replies":[{"embeddable":true,"href":"http:\/\/autoi21.webd.pro\/aiwww\/wp-json\/wp\/v2\/comments?post=133"}],"version-history":[{"count":30,"href":"http:\/\/autoi21.webd.pro\/aiwww\/wp-json\/wp\/v2\/pages\/133\/revisions"}],"predecessor-version":[{"id":661,"href":"http:\/\/autoi21.webd.pro\/aiwww\/wp-json\/wp\/v2\/pages\/133\/revisions\/661"}],"wp:attachment":[{"href":"http:\/\/autoi21.webd.pro\/aiwww\/wp-json\/wp\/v2\/media?parent=133"}],"curies":[{"name":"wp","href":"https:\/\/api.w.org\/{rel}","templated":true}]}}